{"id":2507,"date":"2025-09-22T09:40:15","date_gmt":"2025-09-22T08:40:15","guid":{"rendered":"https:\/\/www.brainheart.life\/?page_id=2507"},"modified":"2026-04-20T09:55:24","modified_gmt":"2026-04-20T08:55:24","slug":"lerncoach-eltern-paedagogen","status":"publish","type":"page","link":"https:\/\/www.brainheart.life\/en\/ausbildungen\/lerncoach-eltern-paedagogen\/","title":{"rendered":"Lerncoach und Resilienzcoach f\u00fcr Eltern und P\u00e4dagogen"},"content":{"rendered":"<h3>Schluss mit oberfl\u00e4chlichen Methoden:<\/h3>\n<h1 style=\"\"><span style=\"font-weight: normal;\">Werde Lern- &amp; Resilienz-Coach, <br \/>der Kinder und Jugendliche tiefgreifend st\u00e4rkt<\/span><\/h1>\n<h3><strong>Mehr als nur Coaching \u2013 echte Verbindung: <\/strong><strong><\/strong><br \/><strong>Verbinde Herz, Hirn und Intuition, um der sichere Anker zu sein, bei dem Kinder ihre innere St\u00e4rke wiederfinden und aufbl\u00fchen.<\/strong><\/h3>\n<p style=\"\">In einer komplexen Welt reichen traditionelle Ans\u00e4tze nicht mehr aus. Diese Ausbildung ist deine Antwort: <br \/>Wir bilden in nur 12 Monaten reflektierte, pr\u00e4sente und hochwirksame Coaches aus. Du bef\u00e4higst deine jungen Klienten bzw. Kinder nicht nur zu besserem Lernen, sondern zu innerer St\u00e4rke, Selbstbewusstsein und emotionaler Souver\u00e4nit\u00e4t. Erreiche eine neue Ebene der Professionalit\u00e4t und schaffe nachhaltige Ver\u00e4nderungen, die weit \u00fcber das Klassenzimmer hinausgehen.<\/p>\n<p><span><img decoding=\"async\" alt=\"Lerncoach Resilienzcoach Kinder Jugendliche\" data-id=\"2842\" width=\"1024\" data-init-width=\"1536\" height=\"683\" data-init-height=\"1024\" title=\"lerncoach-resilienzcoach-kinder\" loading=\"lazy\" src=\"https:\/\/www.brainheart.life\/wp-content\/uploads\/2026\/04\/lerncoach-resilienzcoach.jpg\" data-width=\"1024\" data-height=\"683\" style=\"aspect-ratio: auto 1536 \/ 1024;\"><\/span><\/p>\n<p style=\"text-align: right;\">&gt;20<\/p>\n<p style=\"\">JAHRE KUrsleitung<\/p>\n<p style=\"text-align: right;\">&gt;3200<\/p>\n<p style=\"\">Absolventen<\/p>\n<p style=\"text-align: right;\">&gt;870<\/p>\n<p style=\"\">5 sTERNE BEWERTUNGEN<\/p>\n<h2 style=\"text-align: center;\">F\u00fcr wen die Ausbildung ist<\/h2>\n<p><!--! Font Awesome Free 6.7.1 by @fontawesome - https:\/\/fontawesome.com License - https:\/\/fontawesome.com\/license\/free (Icons: CC BY 4.0, Fonts: SIL OFL 1.1, Code: MIT License) Copyright 2024 Fonticons, Inc. --><\/p>\n<h5 style=\"\"><strong>Therapeuten &amp; Psychologen<\/strong><\/h5>\n<p style=\"\">Die ihre Praxis um einen evidenzbasierten, ganzheitlichen Ansatz f\u00fcr nachhaltige kindliche Entwicklung erweitern wollen.<\/p>\n<h5 style=\"\"><strong>P\u00e4dagogen &amp; Lehrkr\u00e4fte<\/strong><\/h5>\n<p style=\"\">Die den tiefen Wunsch haben, Lernblockaden zu \u00fcberwinden und Sch\u00fcler wirklich resilient gegen den Druck von heute zu machen.<\/p>\n<p><!--! Font Awesome Free 6.7.1 by @fontawesome - https:\/\/fontawesome.com License - https:\/\/fontawesome.com\/license\/free (Icons: CC BY 4.0, Fonts: SIL OFL 1.1, Code: MIT License) Copyright 2024 Fonticons, Inc. --><\/p>\n<h5 style=\"\"><strong>Lernbegleiter, Berater &amp; Coaches<\/strong><\/h5>\n<p style=\"\">Die \u00fcber reine Wissensvermittlung hinausgehen und die Kinder emotional und neurologisch f\u00fcr nachhaltigen Lernerfolg st\u00e4rken wollen.<\/p>\n<p><!--! Font Awesome Free 6.7.1 by @fontawesome - https:\/\/fontawesome.com License - https:\/\/fontawesome.com\/license\/free (Icons: CC BY 4.0, Fonts: SIL OFL 1.1, Code: MIT License) Copyright 2024 Fonticons, Inc. --><\/p>\n<h5 style=\"\">Engagierte Eltern<\/h5>\n<p style=\"\">Die ihre Kinder \u00fcber herk\u00f6mmliche F\u00f6rderung hinaus tiefer verstehen und ihnen echte innere St\u00e4rke und Resilienz mitgeben m\u00f6chten.<\/p>\n<h2 style=\"\"><strong>Vor welchen Herausforderungen stehen wir aktuell?<\/strong><\/h2>\n<ul>\n<li style=\"\"><span style=\"\">Du siehst, wie Kinder und Jugendliche unter massivem Leistungsdruck und digitaler Reiz\u00fcberflutung leiden, und deine aktuellen Methoden sto\u00dfen an Grenzen?<\/span><\/li>\n<li style=\"\"><span style=\"\">Deine Interventionen wirken oft nur auf der Oberfl\u00e4che, und du suchst nach einem Ansatz, der die wahren Wurzeln von Lern- und Resilienzproblemen adressiert?<\/span><\/li>\n<li style=\"\"><span style=\"\">Du m\u00f6chtest deinen Klienten nicht nur Wissen vermitteln, sondern sie zu emotionaler Souver\u00e4nit\u00e4t und tiefgreifender Selbstwirksamkeit bef\u00e4higen?<\/span><\/li>\n<li style=\"\"><span style=\"\">Du stehst vor komplexen F\u00e4llen, bei denen traditionelle Top-Down-Ans\u00e4tze versagen, weil der K\u00f6rper und das Nervensystem unber\u00fccksichtigt bleiben?<\/span><\/li>\n<li style=\"\"><span style=\"\">Du w\u00fcnschst dir eine Ausbildung, die nicht nur Techniken lehrt, sondern deine eigene Pers\u00f6nlichkeit als wirksamstes Instrument sch\u00e4rft?<\/span><\/li>\n<li style=\"\"><span style=\"\">Du bist frustriert von oberfl\u00e4chlichen Coaching-Ans\u00e4tzen und sehnst dich nach wissenschaftlicher Exzellenz und einer nachvollziehbaren Wirkweise?<\/span><\/li>\n<\/ul>\n<p style=\"\">Wenn du nichts \u00e4nderst, werden deine Klienten bzw. Kinder weiterhin mit den gleichen Herausforderungen k\u00e4mpfen, und du verpasst die Chance, ihre Lebensqualit\u00e4t wirklich nachhaltig zu verbessern. Dein Potenzial als Coach bleibt ungenutzt, und du bleibst hinter den M\u00f6glichkeiten eines integrativen Ansatzes zur\u00fcck.<\/p>\n<h4>Warum diese Ausbildung eine reale L\u00f6sung bietet:<\/h4>\n<p style=\"\">Wir statten dich mit der F\u00e4higkeit aus, den Menschen in seiner Ganzheit zu verstehen \u2013 von Neuropsychologie \u00fcber Embodiment bis zu systemischen Dynamiken. Du lernst, pr\u00e4zise und flexibel zu intervenieren, um nicht nur Symptome zu lindern, sondern tiefe Resilienz, emotionales Gleichgewicht und echte Lernfreude zu verankern.<\/p>\n<p><span><img decoding=\"async\" alt=\"Ernestina Mazza\" data-id=\"2657\" width=\"564\" data-init-width=\"1024\" height=\"564\" data-init-height=\"1024\" title=\"Ernestina-Mazza_2025_1024px\" loading=\"lazy\" src=\"https:\/\/www.brainheart.life\/wp-content\/uploads\/2025\/10\/Ernestina-Mazza_2025_1024px-1.jpg\" data-width=\"564\" data-height=\"564\" style=\"aspect-ratio: auto 1024 \/ 1024;\"><\/span><\/p>\n<p style=\"\">Hi,<\/p>\n<p style=\"\">ich bin Ernestina Mazza,<br \/><span style=\"--tcb-applied-color: var$(--tcb-tpl-color-11) !important; color: var(--tcb-tpl-color-11) !important;\">Ausbildungsleiterin der BrainHeart Akademie<\/span><\/p>\n<p style=\"\">Ich bin u.a. diplomierte P\u00e4dagogin, Psychotherapeutin in Ausbildung unter Supervision (Verhaltenstherapie) sowie zertifizierte Erwachsenenbildnerin und Lebens- und Sozialberaterin.<\/p>\n<p>Seit \u00fcber 20 Jahren arbeite ich u.a. als Erzieherin, Lehrerin und Trainerin \u2013 sieben Jahre davon habe ich an Hauptschulen unterrichtet. Die Arbeit mit Kindern liegt mir besonders am Herzen: Ich habe eigene Behandlungsmethoden und Intuitionstrainings entwickelt, um Kinder in ihrer Entwicklung zu f\u00f6rdern. Genauso wichtig ist mir, Eltern und P\u00e4dagogen die richtigen Werkzeuge mitzugeben, damit sie ihre Kinder empathisch und eigenst\u00e4ndig begleiten k\u00f6nnen.<\/p>\n<p style=\"\">Heute leite ich die BrainHeart Akademie, habe 23 B\u00fccher geschrieben und biete verschiedene Ausbildungen f\u00fcr Eltern und P\u00e4dagogen an.<\/p>\n<p style=\"\"><span style=\"\">Bei <strong>BrainHeart&nbsp;<\/strong>sind wir einer der Vorreiter im Bereich des integrativen Lern- &amp; Resilienz-Coachings. Unsere Arbeit basiert auf dem solidesten Fundament: Neuropsychologie, Entwicklungs- und Bindungstheorie sowie modernster Resilienzforschung. Jede Methode, die wir lehren, ist wissenschaftlich fundiert und in ihrer Wirkung klar nachvollziehbar.<\/span><\/p>\n<p style=\"\"><span style=\"\">Unser Bewerbungsverfahren mit Eignungsgespr\u00e4ch sichert die hohe Qualit\u00e4t und das tiefe Engagement jeder Lerngruppe. Wir w\u00e4hlen nur jene Pers\u00f6nlichkeiten aus, die bereit sind, sich vollkommen einzulassen, denn wir wissen: Deine Pr\u00e4senz und deine Authentizit\u00e4t sind die wirksamste Intervention. Bei uns erh\u00e4ltst du das Urvertrauen in deine F\u00e4higkeiten.<\/span><\/p>\n<h2 style=\"text-align: center;\">Dein Entwicklungsweg zur Expertise<\/h2>\n<p style=\"\">Unsere Ausbildung ist ein klar strukturierter Entwicklungsweg zu deiner souver\u00e4nen Expertise:<\/p>\n<p style=\"\">01<\/p>\n<p style=\"\"><strong>Das Fundament legen:<\/strong> Du sch\u00e4rfst dein wichtigstes Werkzeug \u2013 dich selbst \u2013 durch Selbsterfahrung und ethische Reflexion.<\/p>\n<p style=\"\">02<\/p>\n<p style=\"\"><strong>Die Landkarte des Klienten verstehen:<\/strong> Du entschl\u00fcsselst die neuropsychologischen, emotionalen und systemischen Welten deiner Klienten bzw. Kinder.<\/p>\n<p><!--! Font Awesome Free 6.7.1 by @fontawesome - https:\/\/fontawesome.com License - https:\/\/fontawesome.com\/license\/free (Icons: CC BY 4.0, Fonts: SIL OFL 1.1, Code: MIT License) Copyright 2024 Fonticons, Inc. --><\/p>\n<p style=\"\">03<\/p>\n<p style=\"\"><strong>Die integrative Werkzeugkiste meistern: <\/strong>Du lernst, &#8222;Top-Down&#8220;- und &#8222;Bottom-Up&#8220;-Interventionen nahtlos und situationsgerecht zu verbinden.<\/p>\n<p><!--! Font Awesome Free 6.7.1 by @fontawesome - https:\/\/fontawesome.com License - https:\/\/fontawesome.com\/license\/free (Icons: CC BY 4.0, Fonts: SIL OFL 1.1, Code: MIT License) Copyright 2024 Fonticons, Inc. --><\/p>\n<p style=\"\">04<\/p>\n<p style=\"\"><strong>Souver\u00e4nit\u00e4t in der Praxis leben:<\/strong> Du integrierst dein Wissen durch intensive Supervision und Mentoring in deinen professionellen Alltag.<\/p>\n<h2 style=\"text-align: center;\">Inhalte mit Modulen<\/h2>\n<p><strong>01<\/strong><\/p>\n<h5 style=\"\"><strong><strong>Die Haltung &amp; ethische Souver\u00e4nit\u00e4t \u2013 Dein innerer Kompass<\/strong><\/strong><\/h5>\n<p style=\"\">Du entwickelst eine tiefgreifende Coaching-Haltung, basierend auf radikalem Zuh\u00f6ren und Nicht-Wissen. Endlich verstehst du deine eigenen Muster und navigierst ethische Dilemmata souver\u00e4n. Du lernst, in jeder Situation pr\u00e4senter und sicherer zu wirken.<\/p>\n<h6><strong>Lektion 1: Die Essenz der Coaching-Haltung (Radikales Zuh\u00f6ren &amp; Nicht-Wissen)<\/strong><\/h6>\n<ul>\n<li style=\"\">Vertiefung einer pr\u00e4senzorientierten Coaching-Haltung.<\/li>\n<li style=\"\">Meistern von Techniken des aktiven Zuh\u00f6rens.<\/li>\n<li style=\"\">F\u00e4higkeit, eigene Vorannahmen bewusst zu pausieren, um Klienten Raum zu geben.<\/li>\n<\/ul>\n<h6><strong>Lektion 2: Selbstwahrnehmung &amp; Trigger-Identifikation<\/strong><\/h6>\n<ul>\n<li style=\"\">Angeleitete Selbsterfahrung zur Reflexion eigener Muster, Glaubenss\u00e4tze und emotionaler Trigger.<\/li>\n<li style=\"\">Bewusster und gezielter Einsatz der eigenen Pers\u00f6nlichkeit als wirksamstes Coaching-Instrument zur Schaffung von Authentizit\u00e4t.<\/li>\n<\/ul>\n<h6><strong>Lektion 3: Ethische Souver\u00e4nit\u00e4t &amp; Professionelle Grenzen<\/strong><\/h6>\n<ul>\n<li style=\"\">Intensive Auseinandersetzung mit ethischen Dilemmata, Datenschutz und Schweigepflicht.<\/li>\n<li style=\"\">Souver\u00e4ner Umgang mit professionellen Grenzen und sichere Navigation komplexer Praxissituationen.<\/li>\n<li style=\"\">Absicherung des Fundaments durch eine separate Ethik-Pr\u00fcfung.<\/li>\n<\/ul>\n<p><strong>02<\/strong><\/p>\n<h5 style=\"\"><strong><strong>Die Neuropsychologie des Lernens &amp; F\u00fchlens \u2013 Das Gehirn als Verb\u00fcndeter<\/strong><\/strong><\/h5>\n<p style=\"\">Du \u00fcbersetzt neueste neuro-wissenschaftliche Erkenntnisse direkt in wirksame Coaching-Strategien. So verstehst du pr\u00e4zise, was im Gehirn bei Stress, Konzentration und Motivation passiert, und gestaltest gehirngerechte Lernprozesse. Endlich durchschaust du die wahren Mechanismen!<\/p>\n<h6><strong>Lektion 1: Grundlagen der Neuropsychologie f\u00fcr Coaches<\/strong><\/h6>\n<ul>\n<li style=\"\">Fundierte Einf\u00fchrung in die Funktionsweise des Gehirns.<\/li>\n<li style=\"\">Erkl\u00e4rung von Neuroplastizit\u00e4t und der Rolle von Spiegelneuronen.<\/li>\n<li style=\"\">Bedeutung von Neurotransmittern (Dopamin, Serotonin) f\u00fcr Lern- und Gef\u00fchlsprozesse.<\/li>\n<\/ul>\n<h6><strong>Lektion 2: Gehirngerechte Lernprozesse gestalten<\/strong><\/h6>\n<ul>\n<li style=\"\">Verst\u00e4ndnis der neurologischen Abl\u00e4ufe bei Stress (Amygdala-Hijack), Konzentration (PFC-Aktivit\u00e4t) und Motivation (Belohnungssystem).<\/li>\n<li style=\"\">Entwicklung praxiserprobter Strategien f\u00fcr optimale, gehirngerechte Lernumgebungen und -methoden.<\/li>\n<\/ul>\n<h6><strong>Lektion 3: Emotionale Regulation aus neuropsychologischer Sicht<\/strong><\/h6>\n<ul>\n<li style=\"\">Erkennen des direkten Zusammenhangs zwischen Gehirnstrukturen und emotionalen Reaktionen.<\/li>\n<li style=\"\">Erlernen praktischer, nachhaltig wirkender Techniken zur Unterst\u00fctzung der emotionalen Regulation bei Kindern und Jugendlichen.<\/li>\n<\/ul>\n<p><strong>03<\/strong><\/p>\n<h5 style=\"\"><strong><strong>Die verborgene Dynamik \u2013 Systemische Intelligenz &amp; emotionale Wurzeln<\/strong><\/strong><\/h5>\n<p style=\"\">Du erweiterst deinen Blick vom Individuum auf das System, analysierst unsichtbare Kr\u00e4fte in Familie und Schule und machst Eltern zu echten Verb\u00fcndeten. So lernst du, die emotionalen Wurzeln von Lernblockaden wie Versagensangst oder geringem Selbstwert zu erkennen und anzugehen.<\/p>\n<h6><strong>Lektion 1: Systemische Analyse von Familie &amp; Schule<\/strong><\/h6>\n<ul>\n<li style=\"\">Einf\u00fchrung in systemische Denkweisen und Methoden zur Analyse von Interaktionsmustern.<\/li>\n<li style=\"\">Verst\u00e4ndnis, wie famili\u00e4re und schulische Dynamiken Lern- und Verhaltensweisen beeinflussen.<\/li>\n<li style=\"\">F\u00e4higkeit zur gezielten Adressierung dieser Dynamiken.<\/li>\n<\/ul>\n<h6><strong>Lektion 2: Eltern als Verb\u00fcndete gewinnen<\/strong><\/h6>\n<ul>\n<li style=\"\">Meistern von Kommunikationsstrategien zur Integration von Eltern in den Coaching-Prozess.<\/li>\n<li style=\"\">Techniken, um Eltern zu Verb\u00fcndeten ihrer Kinder zu machen.<\/li>\n<li style=\"\">Souver\u00e4ner Umgang mit Widerst\u00e4nden und unterschiedlichen Erwartungshaltungen der Eltern.<\/li>\n<\/ul>\n<h6><strong>Lektion 3: Psychologie hinter den Symptomen \u2013 Emotionale Wurzeln<\/strong><\/h6>\n<ul>\n<li style=\"\">Tiefgehendes Verst\u00e4ndnis zur Erkennung emotionaler Wurzeln von Lernblockaden und Verhaltensauff\u00e4lligkeiten.<\/li>\n<li style=\"\">Fokus auf Versagensangst, geringen Selbstwert, Perfektionismus, Prokrastination und Motivationsprobleme.<\/li>\n<li style=\"\">Vertiefung des Wissens in der Bindungstheorie.<\/li>\n<\/ul>\n<p><strong>04<\/strong><\/p>\n<h5 style=\"\"><strong><strong><strong>Der &#8222;Bottom-Up&#8220;-Pfad \u2013 K\u00f6rper &amp; Nervensystem als Anker<\/strong><\/strong><\/strong><\/h5>\n<p style=\"\">Du erlernst praktische Embodiment- und somatische Techniken, um das Nervensystem deiner Klienten zu beruhigen. Du aktivierst den K\u00f6rper als Ressource f\u00fcr Fokus, Sicherheit und Selbstvertrauen. Endlich regulierst du Stress auf der K\u00f6rperebene und schaffst tiefe Entspannung.<\/p>\n<h6><strong>Lektion 1: Grundlagen der Polyvagal-Theorie &amp; Nervensystem-Regulation<\/strong><\/h6>\n<ul>\n<li style=\"\">Klare Einf\u00fchrung in die Polyvagal-Theorie.<\/li>\n<li style=\"\">Erfassen der autonomen Zust\u00e4nde des Nervensystems (ventral vagal, sympathisch, dorsal vagal).<\/li>\n<li style=\"\">Verst\u00e4ndnis der direkten Auswirkungen dieser Zust\u00e4nde auf Lernen und Verhalten.<\/li>\n<\/ul>\n<h6><strong>Lektion 2: Praktische Embodiment-Techniken<\/strong><\/h6>\n<ul>\n<li style=\"\">Erlernen und Anwenden von sofort wirksamen, k\u00f6rperbasierten \u00dcbungen.<\/li>\n<li style=\"\">Beispiele: Spezifische Atemtechniken, Erdungs\u00fcbungen, achtsame Bewegung.<\/li>\n<li style=\"\">Ziele: Beruhigung des Nervensystems und Aktivierung innerer Ressourcen.<\/li>\n<\/ul>\n<h6><strong>Lektion 3: K\u00f6rper als Ressource f\u00fcr Fokus &amp; Sicherheit<\/strong><\/h6>\n<ul>\n<li style=\"\">Entdeckung, wie der K\u00f6rper gezielt f\u00fcr mehr Konzentration, Selbstvertrauen und innere Sicherheit genutzt wird.<\/li>\n<li style=\"\">Meistern von sofort sp\u00fcrbaren Techniken zur Co-Regulation.<\/li>\n<\/ul>\n<p><strong>05<\/strong><\/p>\n<h5 style=\"\"><strong><strong><strong><strong>Der &#8222;Top-Down&#8220;-Pfad \u2013 Kognition &amp; Verhalten gezielt steuern<\/strong><\/strong><\/strong><\/strong><\/h5>\n<p style=\"\">Du erwirbst ein Repertoire an gehirngerechten Lern- und Ged\u00e4chtnisstrategien, effektiven Konzentrationstechniken f\u00fcr das digitale Zeitalter und Methoden des kognitiven Reframings. So lernst du, limitierende Glaubenss\u00e4tze aufzul\u00f6sen und nachhaltige Verhaltens\u00e4nderungen zu initiieren.<\/p>\n<h6><strong>Lektion 1: Gehirngerechte Lern- &amp; Ged\u00e4chtnisstrategien<\/strong><\/h6>\n<ul>\n<li style=\"\">Erlernen effektiver Lernstrategien basierend auf neuesten neuropsychologischen Erkenntnissen.<\/li>\n<li style=\"\">Methoden: Spaced Repetition, aktives Abrufen, Chunking, Visualisierung.<\/li>\n<li style=\"\">Optimierung des Repertoires an Techniken zur Verbesserung des Arbeitsged\u00e4chtnisses.<\/li>\n<\/ul>\n<h6><strong>Lektion 2: Konzentration im digitalen Zeitalter<\/strong><\/h6>\n<ul>\n<li style=\"\">Entwicklung praxiserprobter Strategien zum souver\u00e4nen Umgang mit digitaler Reiz\u00fcberflutung.<\/li>\n<li style=\"\">F\u00f6rderung nachhaltiger Konzentration durch gezielte Techniken (z.B. Deep Work, Pomodoro-Technik).<\/li>\n<li style=\"\">Methoden zur Minimierung von Ablenkungen.<\/li>\n<\/ul>\n<h6><strong>Lektion 3: Kognitives Reframing &amp; Glaubenssatzarbeit<\/strong><\/h6>\n<ul>\n<li style=\"\">Meistern von Methoden zum Erkennen und effektiven Aufl\u00f6sen limitierender Glaubenss\u00e4tze.<\/li>\n<li style=\"\">Erlernen von Techniken des kognitiven Reframings.<\/li>\n<li style=\"\">F\u00f6rderung einer positiven Selbstwahrnehmung und einer st\u00e4rkenden Lernhaltung.<\/li>\n<\/ul>\n<p><strong>06<\/strong><\/p>\n<h5 style=\"\"><strong><strong><strong><strong><strong>Der integrative Coaching-Prozess \u2013 Deine Expertise im Fallmanagement<\/strong><\/strong><\/strong><\/strong><\/strong><\/h5>\n<p style=\"\">Anhand von komplexen, realen Fallstudien trainierst du, einen vollst\u00e4ndigen Coaching-Prozess zu konzipieren und durchzuf\u00fchren. So verbindest du systemische, psychologische und neuro-somatische Elemente nahtlos zu einem koh\u00e4renten Ganzen. Endlich bist du bereit f\u00fcr jede Herausforderung!<\/p>\n<h6><strong>Lektion 1: Coaching-Phasen &amp; Struktur<\/strong><\/h6>\n<ul>\n<li style=\"\">Detaillierte Betrachtung aller Phasen eines Coaching-Prozesses.<\/li>\n<li style=\"\">Umfasst: Erstgespr\u00e4ch, pr\u00e4zise Zieldefinition, individuelle Interventionsplanung.<\/li>\n<li style=\"\">Effektive Evaluation und erfolgreicher Abschluss des Prozesses.<\/li>\n<\/ul>\n<h6><strong>Lektion 2: Integration komplexer Fallstudien<\/strong><\/h6>\n<ul>\n<li style=\"\">Training anhand komplexer, realer Fallstudien zur Konzeption und Durchf\u00fchrung vollst\u00e4ndiger Coaching-Prozesse.<\/li>\n<li style=\"\">Lernen, systemische, psychologische und neuro-somatische Elemente nahtlos zu verbinden und anzuwenden.<\/li>\n<\/ul>\n<h6><strong>Lektion 3: Flexibilit\u00e4t &amp; Klienten-Zentrierung<\/strong><\/h6>\n<ul>\n<li style=\"\">Meistern der Kunst, flexibel zwischen verschiedenen Interventionsebenen zu wechseln.<\/li>\n<li style=\"\">Intuitive und pr\u00e4zise Anpassung des Coaching-Prozesses an die individuellen Bed\u00fcrfnisse jedes Klienten.<\/li>\n<\/ul>\n<p><strong>07<\/strong><\/p>\n<h5 style=\"\"><strong><strong>Das professionelle Praxis-Portfolio \u2013 Dein Sicherheitsnetz f\u00fcr die Praxis<\/strong><\/strong><\/h5>\n<p style=\"\">Deine praktische Entwicklung wird durch ein 50-st\u00fcndiges, engmaschiges Supervisions- und Mentoring-Programm begleitet. Dies umfasst Live-Supervision, kollegiale Intervision und pers\u00f6nliches Einzel-Mentoring. So sicherst du eine tiefgehende Reflexion und Professionalisierung deiner Arbeit und startest souver\u00e4n.<\/p>\n<h6><strong>Lektion 1: Live-Supervision in Kleingruppen<\/strong><\/h6>\n<ul>\n<li style=\"\">Vorstellen eigener F\u00e4lle und Erhalt von wertvollem Feedback.<\/li>\n<li style=\"\">Gemeinsames Erarbeiten von L\u00f6sungen mit der Gruppe und erfahrenen Mentoren.<\/li>\n<li style=\"\">Vertiefung der Anwendungskompetenz unter professioneller Anleitung im gesch\u00fctzten Raum.<\/li>\n<\/ul>\n<h6><strong>Lektion 2: Kollegiale Intervision<\/strong><\/h6>\n<ul>\n<li style=\"\">Strukturierter Austausch mit KollegInnen zur Reflexion der eigenen Praxis.<\/li>\n<li style=\"\">Erweiterung der Perspektiven und gegenseitige Unterst\u00fctzung.<\/li>\n<li style=\"\">Nutzung der kollektiven Intelligenz f\u00fcr die pers\u00f6nliche Entwicklung.<\/li>\n<\/ul>\n<h6><strong>Lektion 3: Pers\u00f6nliches Einzel-Mentoring &amp; Zertifizierungsvorbereitung<\/strong><\/h6>\n<ul>\n<li style=\"\">Individuelle Begleitung und Reflexion der pers\u00f6nlichen und professionellen Entwicklung.<\/li>\n<li style=\"\">Gezielte Vorbereitung auf die Ausarbeitung der umfassenden Fallstudie.<\/li>\n<li style=\"\">Vorbereitung auf die praktische Coaching-Demonstration f\u00fcr die Zertifizierung.<\/li>\n<\/ul>\n<h2 style=\"text-align: center;\"><strong>Leistungsnachweise und Beurteilung<\/strong><\/h2>\n<p>Der erfolgreiche Abschluss setzt die regelm\u00e4\u00dfige und aktive Teilnahme an den Ausbildungsmodulen zu 85%, die Bearbeitung der Lern- und Reflexionsaufgaben, die Dokumentation der \u00dcbungseinheiten sowie die schriftliche Ausf\u00fcllung der Selbstreflexionsb\u00f6gen voraus. Zus\u00e4tzlich ist eine praktische Abschlussleistung positiv zu absolvieren. Beurteilt werden fachliche Kompetenz, methodische Sicherheit, Praxistransfer, Reflexionsf\u00e4higkeit sowie die Qualit\u00e4t der eingereichten Dokumentationen.<\/p>\n<p><\/p>\n<h2 style=\"text-align: center;\"><strong>Qualit\u00e4tssicherung<\/strong><\/h2>\n<p>Die Qualit\u00e4t der Ausbildung wird durch laufende Reflexion, begleitende Supervision, strukturierte Feedbackprozesse sowie standardisierte Evaluations- und Zufriedenheitsfrageb\u00f6gen gesichert. Die R\u00fcckmeldungen der Teilnehmenden werden regelm\u00e4\u00dfig ausgewertet und in die fachliche sowie didaktische Weiterentwicklung der Ausbildung einbezogen.<\/p>\n<p><\/p>\n<h2 style=\"text-align: center;\"><strong>Nach dieser Ausbildung wirst du&#8230;<\/strong><\/h2>\n<ol>\n<li><strong><span style=\"font-size: 19px !important;\">Lernblockaden und Resilienz-Schw\u00e4chen<\/span><\/strong><span style=\"font-size: 19px !important;\"> auf neurologischer und emotionaler Ebene entschl\u00fcsseln.<\/span><\/li>\n<li><span style=\"font-size: 19px !important;\">Klienten bef\u00e4higen, <strong>Leistungsdruck und digitale Reiz\u00fcberflutung<\/strong> mit innerer Ruhe zu begegnen.<\/span><\/li>\n<li><span style=\"font-size: 19px !important;\">Die <strong>Pers\u00f6nlichkeit des Coaches<\/strong> als wirksamstes Instrument gezielt und <strong>authentisch einsetzen.<\/strong><\/span><\/li>\n<li><span style=\"font-size: 19px !important;\"><strong>Integrative Coaching-Prozesse<\/strong> gestalten, die K\u00f6rper, Geist und soziales Umfeld nahtlos verbinden.<\/span><\/li>\n<li><span style=\"font-size: 19px !important;\">Praktische <strong>Embodiment-Techniken<\/strong> nutzen, um das Nervensystem deiner Klienten zu regulieren und zu st\u00e4rken.<\/span><\/li>\n<li><span style=\"font-size: 19px !important;\"><strong>Gehirngerechte Lern- und Konzentrationstechniken<\/strong> f\u00fcr das digitale Zeitalter ma\u00dfgeschneidert vermitteln.<\/span><\/li>\n<li><span style=\"font-size: 19px !important;\">Limitierende <strong>Glaubenss\u00e4tze aufl\u00f6sen<\/strong> und kognitive Reframing-Prozesse erfolgreich begleiten.<\/span><\/li>\n<li><span style=\"font-size: 19px !important;\">Eltern und Lehrkr\u00e4fte als Verb\u00fcndete im Coaching-Prozess gewinnen und <strong>systemische Dynamiken<\/strong> verstehen.<\/span><\/li>\n<li><span style=\"font-size: 19px !important;\">Ethische Dilemmata sicher navigieren und <strong>professionelle Grenzen<\/strong> souver\u00e4n wahren.<\/span><\/li>\n<li><span style=\"font-size: 19px !important;\">Als <strong>zertifizierter Lern- &amp; Resilienz-Coach<\/strong> eine neue, tiefe Qualit\u00e4t der Begleitung in dein Berufsfeld tragen \u2013 und das sp\u00fcrbar f\u00fcr dich und deine Klienten.<\/span><\/li>\n<\/ol>\n<p style=\"\">TEILNEHMERINNEN-FEEDBACK<\/p>\n<p style=\"\">\u201eAls Lehrerin habe ich unz\u00e4hlige Fortbildungen besucht, aber keine hat meine Arbeit so grundlegend ver\u00e4ndert wie diese. Ich kann jetzt pr\u00e4ziser auf die individuellen Bed\u00fcrfnisse meiner Sch\u00fcler eingehen und sehe, wie sie resilienter und selbstbewusster werden. Das ist eine echte Revolution im Klassenzimmer.\u201c<\/p>\n<h4 style=\"\">Richard M.<\/h4>\n<p style=\"\">Gymnasiallehrer<\/p>\n<p><span><img decoding=\"async\" alt=\"\" data-id=\"40430\" width=\"69\" data-init-width=\"136\" height=\"69\" data-init-height=\"136\" title=\"Agency_testimonial2_03\" loading=\"lazy\" src=\"\/\/www.brainheart.life\/wp-content\/uploads\/tcb_lp_templates\/templates\/css\/images\/Agency_testimonial2_03.jpg\" data-width=\"69\" data-height=\"69\" style=\"aspect-ratio: auto 136 \/ 136;\"><\/span><\/p>\n<p style=\"line-height: 1.75em !important;\">\u201eDer integrative Ansatz \u2013 die Verbindung von Top-Down und Bottom-Up \u2013 ist genial! Ich kann das Nervensystem meiner Klienten beruhigen und gleichzeitig an ihren limitierenden Glaubenss\u00e4tzen arbeiten. Endlich eine Ausbildung, die den Menschen ganzheitlich sieht und meine Beratung auf ein neues Level gehoben hat.\u201c<\/p>\n<h4 style=\"\"><em>Sabine M.<\/em><\/h4>\n<p style=\"\"><em>Systemische Beraterin<\/em><\/p>\n<p><span><img decoding=\"async\" alt=\"\" data-id=\"55786\" width=\"69\" data-init-width=\"200\" height=\"69\" data-init-height=\"200\" title=\"smart_lead_gen1_testimonial_6a\" loading=\"lazy\" src=\"\/\/www.brainheart.life\/wp-content\/uploads\/tcb_lp_templates\/templates\/css\/images\/smart_lead_gen1_testimonial_6a.jpg\" data-width=\"69\" data-height=\"69\" style=\"aspect-ratio: auto 200 \/ 200;\"><\/span><\/p>\n<p style=\"line-height: 1.75em !important;\">\u201eBevor ich diese Ausbildung absolvierte, fehlte mir oft der Zugang zu den tieferen emotionalen Schichten meiner Klienten. Jetzt verstehe ich die neuropsychologischen Zusammenh\u00e4nge und kann wirklich transformative Arbeit leisten. Meine Erfolge sind messbar gr\u00f6\u00dfer.\u201c<\/p>\n<h4 style=\"\">Dr. Lena S.<\/h4>\n<p style=\"\">Psychotherapeutin<\/p>\n<p><span><img decoding=\"async\" alt=\"Hochsensibilit\u00e4t st\u00e4rken\" data-id=\"2192\" width=\"69\" data-init-width=\"800\" height=\"69\" data-init-height=\"800\" title=\"Hochsensibilit\u00e4t st\u00e4rken\" loading=\"lazy\" src=\"https:\/\/www.brainheart.life\/wp-content\/uploads\/2023\/05\/AdobeStock_50707547_Maridav_Titelbild-e1765306323664.jpeg\" data-width=\"69\" data-height=\"69\" style=\"aspect-ratio: auto 800 \/ 800;\"><\/span><\/p>\n<p style=\"\">Bonus:<\/p>\n<p style=\"\"><strong>3 Monate Premium-Zugang zur &#8222;Selbsterfahrungs-Community&#8220;<\/strong><br \/>Tausche dich mit Gleichgesinnten aus, profitiere von kollegialem Feedback und erhalte Zugang zu speziellen Webinaren mit Experten-Interviews. Diese Gemeinschaft st\u00e4rkt dich, gibt dir Halt und erweitert dein Netzwerk nachhaltig.* &nbsp; &nbsp; <br \/>&nbsp; &nbsp; &nbsp; &nbsp; &nbsp; &nbsp; &nbsp; &nbsp; &nbsp;(* aktives Mitwirken zur Freischaltung des Bonus erforderlich)<\/p>\n<h2 style=\"text-align: center;\">Lehrgangsaufbau und -dauer<\/h2>\n<p style=\"\">Basisausbildung mit 7 Modulen (berufsbegleitend):<\/p>\n<p><strong>7 Module mit 21 Lektionen<\/strong><br \/>13 Webinare \u00e0 3 Stunden<br \/>(Gesamt: 52 Unterrichtseinheiten (UE \u00e0 45 min.) mit Intervisions-Einheiten)<\/p>\n<p><strong>270 Std. Selbststudium<\/strong><br \/>Durch Literatur, Video- und Audio-Learning wird den Teilnehmenden erm\u00f6glicht, die theoretischen Inhalte bei eigener Zeiteinteilung zu vertiefen. (360 UE)<\/p>\n<p><strong>80 Std. Praktikum bzw. protokollierte Trainings-\/Coaching-Einheiten&nbsp;<\/strong>mit den \u00dcbungsklientInnen (Die Stundenanzahl entspricht circa 25 Trainings-\/Coaching-Sitzungen mit Vor- und Nachbereitung) (107 UE)<\/p>\n<p><strong>20 Std. Peergroup-\u00dcbungseinheiten:<\/strong>&nbsp;fortlaufend zur Ausbildung, nicht verpflichtend (27 UE)<br \/>Konkret arbeitet jedeR TeilnehmerIn im Rahmen der Peergroup an der eigenen pers\u00f6nlichen Entwicklung und vertieft zugleich seine\/ihre pers\u00f6nlichen und beruflichen Kompetenzen.<\/p>\n<p><strong>Selbsterfahrung in Form von Gruppensupervisionen,<\/strong>&nbsp;optional, nicht inklusive<br \/>In der Gruppensupervision bespricht der\/die TeilnehmerIn in der Gruppe mit einer\/einem der AusbildungsleiterInnen seine Selbsterfahrung im Rahmen der Ausbildung. Weitere Inhalte sind die Analyse der protokollierten Coachings, ein individuelles Wahrnehmungstraining, Reflexion \u00fcber die eigene Arbeitsweise und Entfaltung der pers\u00f6nlichen Ressourcen. (1 UE, optional und nicht inklusive)<\/p>\n<p><strong>Gesamt: 546 Unterrichtseinheiten (UE)<\/strong><\/p>\n<p style=\"\"><\/p>\n<h2 style=\"text-align: center;\">Termine<\/h2>\n<p><span style=\"font-size: 19px !important;\">Die Lerncoaching-Ausbildung ist bewusst als <strong>kontinuierlicher Entwicklungsprozess<\/strong> aufgebaut.<br \/>Die regelm\u00e4\u00dfigen Termine geben Raum f\u00fcr <strong>Vertiefung, Reflexion und echte Praxis<\/strong> \u2013 nicht nur f\u00fcr Theorie.<\/span><\/p>\n<p><span style=\"font-size: 19px !important;\">Jeder Termin dient dazu,<\/span><\/p>\n<ul>\n<li><span style=\"font-size: 19px !important;\">offene <strong>Fragen<\/strong> zu kl\u00e4ren,<\/span><\/li>\n<li><span style=\"font-size: 19px !important;\"><strong>konkrete Fallbeispiele<\/strong> aus dem Alltag zu besprechen,<\/span><\/li>\n<li><span style=\"font-size: 19px !important;\">und <strong>praktisch zu arbeiten<\/strong>, zu \u00fcben und Zusammenh\u00e4nge wirklich zu verstehen.<\/span><\/li>\n<\/ul>\n<p><span style=\"font-size: 19px !important;\">Hier geht es nicht um Frontalunterricht, sondern um <strong>aktive Auseinandersetzung, Transfer und Sicherheit in der Anwendung<\/strong>.<\/span><\/p>\n<p><strong><span style=\"font-size: 19px !important;\">Alle Termine finden jeweils von 18:00 bis 21:00 Uhr statt.<\/span><\/strong><\/p>\n<p><\/p>\n<h4><strong>2026<\/strong><\/h4>\n<ul>\n<li style=\"\">Mittwoch, 3. Juni 2026 &#8211; Webinar 01 &#8211; <strong>Start der Ausbildung<\/strong><\/li>\n<li style=\"\">Mittwoch, 1. Juli 2026 &#8211; Webinar 02<\/li>\n<li style=\"\">Mittwoch, 29. Juli 2026 &#8211; Webinar 03<\/li>\n<li style=\"\">Mittwoch, 26. August 2026 &#8211; Webinar 04<\/li>\n<li style=\"\">Mittwoch, 23. September 2026 &#8211; Webinar 05<\/li>\n<li style=\"\">Mittwoch, 21. Oktober 2026 &#8211; Webinar 06<\/li>\n<li style=\"\">Mittwoch, 18. November 2026 &#8211; Webinar 07<\/li>\n<li style=\"\">Mittwoch, 16. Dezember 2026 &#8211; Webinar 08<\/li>\n<\/ul>\n<h4><strong>2027<\/strong><br \/><\/h4>\n<ul>\n<li style=\"\">Mittwoch, 13. J\u00e4nner 2027 &#8211; Webinar 09<\/li>\n<li style=\"\">Mittwoch, 10. Februar 2027 &#8211; Webinar 10<\/li>\n<li style=\"\">Mittwoch, 17. M\u00e4rz 2027 &#8211; Webinar 11<\/li>\n<li style=\"\">Mittwoch, 14. April 2027 &#8211; Webinar 12<\/li>\n<li style=\"\">Mittwoch, 12. Mai 2027 &#8211; Webinar 13<\/li>\n<\/ul>\n<p style=\"\"><strong>Alle Termine jeweils von 18:00 bis 21:00 Uhr &#8211; in Pr\u00e4senz in 8010 Graz <span style=\"text-decoration: underline;\">und<\/span> als live online Meeting.<\/strong><\/p>\n<p style=\"\"><\/p>\n<h2 style=\"text-align: center;\">Preise<\/h2>\n<p style=\"\">\u20ac<\/p>\n<p style=\"\">2.999,-<\/p>\n<p style=\"\"><\/p>\n<h4 style=\"\">Einmalig vorab<\/h4>\n<p style=\"\">\u20ac 298,- g\u00fcnstiger, inkl. Inskriptionsgeb\u00fchr<\/p>\n<p style=\"\">\u20ac<\/p>\n<p style=\"\">249,-<\/p>\n<p style=\"\">\/Monat<\/p>\n<h4 style=\"\">13 monatliche Raten + Inskriptionsgeb\u00fchr<\/h4>\n<p style=\"\">Inskriptionsgeb\u00fchr \u20ac 60,-<\/p>\n<p style=\"\">(gesamt: \u20ac 3.297,-)<\/p>\n<h2 style=\"text-align: center;\">H\u00e4ufige Fragen (FAQ)<\/h2>\n<h2 style=\"text-align: center;\"><strong>Warum jetzt?<\/strong><\/h2>\n<p style=\"text-align: center;\">Die Komplexit\u00e4t f\u00fcr Kinder und Jugendliche w\u00e4chst t\u00e4glich, und der Bedarf an hochqualifizierten Lern- &amp; Resilienz-Coaches, die wirklich ganzheitlich denken, ist immens. Warte nicht, bis andere diese entscheidende F\u00e4higkeit meistern. Positioniere dich jetzt als die f\u00fchrende Kraft f\u00fcr nachhaltige Ver\u00e4nderung!<\/p>\n<h2 style=\"text-align: center;\"><strong>Was sich ver\u00e4ndert?<\/strong><\/h2>\n<p style=\"text-align: center;\">Du wirst nicht nur ein Coach. Du wirst eine Autorit\u00e4t, eine Mentorin, ein Anker der St\u00e4rke f\u00fcr deine Klienten bzw. die Kinder, die du begleitest. Du bef\u00e4higst sie, ihr volles Potenzial zu entfalten, ihre inneren Ressourcen zu aktivieren und resilient durchs Leben zu gehen. Dein Einfluss wird tiefgreifend und unvergesslich sein.<\/p>\n<p style=\"text-align: center;\"><\/p>\n<p style=\"text-align: center;\"><strong>Ja, ich bin bereit, meine professionelle Expertise als Zertifizierter Lern- &amp; Resilienz-Coach <\/strong><strong><\/strong><br \/><strong>neu zu definieren und nachhaltig zu wirken!<\/strong><\/p>","protected":false},"excerpt":{"rendered":"<p>Schluss mit oberfl\u00e4chlichen Methoden: Werde Lern- &amp; Resilienz-Coach, der Kinder und Jugendliche tiefgreifend st\u00e4rkt Mehr als nur Coaching \u2013 echte Verbindung: Verbinde Herz, Hirn und Intuition, um der sichere Anker zu sein, bei dem Kinder ihre innere St\u00e4rke wiederfinden und aufbl\u00fchen. In einer komplexen Welt reichen traditionelle Ans\u00e4tze nicht mehr aus. Diese Ausbildung ist deine [&hellip;]<\/p>\n","protected":false},"author":15,"featured_media":0,"parent":464,"menu_order":2,"comment_status":"closed","ping_status":"closed","template":"","meta":{"_acf_changed":false,"footnotes":""},"class_list":["post-2507","page","type-page","status-publish","hentry","post-wrapper","thrv_wrapper"],"acf":[],"_links":{"self":[{"href":"https:\/\/www.brainheart.life\/en\/wp-json\/wp\/v2\/pages\/2507","targetHints":{"allow":["GET"]}}],"collection":[{"href":"https:\/\/www.brainheart.life\/en\/wp-json\/wp\/v2\/pages"}],"about":[{"href":"https:\/\/www.brainheart.life\/en\/wp-json\/wp\/v2\/types\/page"}],"author":[{"embeddable":true,"href":"https:\/\/www.brainheart.life\/en\/wp-json\/wp\/v2\/users\/15"}],"replies":[{"embeddable":true,"href":"https:\/\/www.brainheart.life\/en\/wp-json\/wp\/v2\/comments?post=2507"}],"version-history":[{"count":0,"href":"https:\/\/www.brainheart.life\/en\/wp-json\/wp\/v2\/pages\/2507\/revisions"}],"up":[{"embeddable":true,"href":"https:\/\/www.brainheart.life\/en\/wp-json\/wp\/v2\/pages\/464"}],"wp:attachment":[{"href":"https:\/\/www.brainheart.life\/en\/wp-json\/wp\/v2\/media?parent=2507"}],"curies":[{"name":"wp","href":"https:\/\/api.w.org\/{rel}","templated":true}]}}